{"version":"1.0","provider_name":"Coolrooms","provider_url":"https:\/\/coolrooms.com\/fr\/","title":"Fiesta de Andaluc\u00eda, fiesta de la alegr\u00eda | Coolrooms","type":"rich","width":600,"height":338,"html":"<blockquote class=\"wp-embedded-content\" data-secret=\"PatzGeYQSZ\"><a href=\"https:\/\/coolrooms.com\/fr\/blog\/fiesta-de-andalucia-fiesta-de-la-alegria\/\">Fiesta de Andaluc\u00eda, fiesta de la alegr\u00eda<\/a><\/blockquote><iframe sandbox=\"allow-scripts\" security=\"restricted\" src=\"https:\/\/coolrooms.com\/fr\/blog\/fiesta-de-andalucia-fiesta-de-la-alegria\/embed\/#?secret=PatzGeYQSZ\" width=\"600\" height=\"338\" title=\"\u00ab\u00a0Fiesta de Andaluc\u00eda, fiesta de la alegr\u00eda\u00a0\u00bb &#8212; Coolrooms\" data-secret=\"PatzGeYQSZ\" frameborder=\"0\" marginwidth=\"0\" marginheight=\"0\" scrolling=\"no\" class=\"wp-embedded-content\"><\/iframe><script>\n\/*! This file is auto-generated *\/\n!function(d,l){\"use strict\";l.querySelector&&d.addEventListener&&\"undefined\"!=typeof URL&&(d.wp=d.wp||{},d.wp.receiveEmbedMessage||(d.wp.receiveEmbedMessage=function(e){var t=e.data;if((t||t.secret||t.message||t.value)&&!\/[^a-zA-Z0-9]\/.test(t.secret)){for(var s,r,n,a=l.querySelectorAll('iframe[data-secret=\"'+t.secret+'\"]'),o=l.querySelectorAll('blockquote[data-secret=\"'+t.secret+'\"]'),c=new RegExp(\"^https?:$\",\"i\"),i=0;i<o.length;i++)o[i].style.display=\"none\";for(i=0;i<a.length;i++)s=a[i],e.source===s.contentWindow&&(s.removeAttribute(\"style\"),\"height\"===t.message?(1e3<(r=parseInt(t.value,10))?r=1e3:~~r<200&&(r=200),s.height=r):\"link\"===t.message&&(r=new URL(s.getAttribute(\"src\")),n=new URL(t.value),c.test(n.protocol))&&n.host===r.host&&l.activeElement===s&&(d.top.location.href=t.value))}},d.addEventListener(\"message\",d.wp.receiveEmbedMessage,!1),l.addEventListener(\"DOMContentLoaded\",function(){for(var e,t,s=l.querySelectorAll(\"iframe.wp-embedded-content\"),r=0;r<s.length;r++)(t=(e=s[r]).getAttribute(\"data-secret\"))||(t=Math.random().toString(36).substring(2,12),e.src+=\"#?secret=\"+t,e.setAttribute(\"data-secret\",t)),e.contentWindow.postMessage({message:\"ready\",secret:t},\"*\")},!1)))}(window,document);\n<\/script>\n","thumbnail_url":"https:\/\/coolrooms.com\/wp-content\/uploads\/2021\/07\/bandera-andaluza.jpg","thumbnail_width":640,"thumbnail_height":429,"description":"El 28 de febrero es el \u2018D\u00eda de la Comunidad de Andaluc\u00eda\u2019. Una fecha se\u00f1alada en el coraz\u00f3n y en el calendario de los andaluces y, muy especialmente, en el de los sevillanos, porque se celebra el d\u00eda de su identidad como comunidad aut\u00f3noma, de la personalidad que la diferencia de otras regiones espa\u00f1olas. Ven [&hellip;]"}